{"id":996,"date":"2025-04-18T10:17:50","date_gmt":"2025-04-18T10:17:50","guid":{"rendered":"https:\/\/thisismadeiraisland.com\/?post_type=things_to_do&#038;p=996"},"modified":"2026-09-03T11:21:21","modified_gmt":"2026-09-03T11:21:21","slug":"rabacal-risco-25-fontes-levada-walk","status":"publish","type":"things_to_do","link":"https:\/\/thisismadeiraisland.com\/fi\/things-to-do\/rabacal-risco-25-fontes-levada-walk\/","title":{"rendered":"PR6 Raba\u00e7al\/Risco\/25 Fontes \u2013 FT"},"content":{"rendered":"<p class=\"wp-block-paragraph\">Paul da Serran alueella sijaitseva Raba\u00e7alin mets\u00e4asema on l\u00e4ht\u00f6piste k\u00e4velylle, jonka kautta p\u00e4\u00e4see noin 11 kilometrin pituiselle Levada do Riscolle. Seuraamme ensin Levada do Risco -tiet\u00e4 yl\u00f6s samannimiselle vesiputoukselle, mink\u00e4 j\u00e4lkeen laskeudumme alas ja jatkamme k\u00e4vely\u00e4 Levada Nova do Raba\u00e7al -tiet\u00e4 pitkin, joka vie meid\u00e4t 25 Fontes -j\u00e4rvelle, joka on saanut nimens\u00e4 siell\u00e4 sijaitsevien eri vesiputousten mukaan.<\/p>\n\n\n\n<p class=\"wp-block-paragraph\">Polku kulkee Madeiran saaren alkuper\u00e4isen ja endeemisen kasviston l\u00e4pi, erityisesti korkealla sijaitsevan kasvillisuuden l\u00e4pi, ja voimme tarkkailla sanoinkuvaamattomia n\u00e4kymi\u00e4 laaksoon. Paluu saaren etel\u00e4rannikolle tapahtuu Cavaleiron tunnelin kautta (noin 800 metri\u00e4 pitk\u00e4).<\/p>\n\n\n\n<p class=\"wp-block-paragraph\"><strong>Virallinen reitin p\u00e4\u00e4symaksu on 3,00 \u20ac lis\u00e4\u00e4 henkil\u00f6\u00e4 kohden, ja opas hoitaa sen puolestasi paikan p\u00e4\u00e4ll\u00e4.<\/strong><\/p>\n\n\n\n<h3 class=\"wp-block-heading\"><strong>Kiertueen logistiikka<\/strong><\/h3>\n\n\n\n<ul class=\"wp-block-list\">\n<li><strong>Hinnat:<\/strong> 47 \u20ac aikuiselta | 23,50 \u20ac lapselta (0\u201312-vuotiaat)<\/li>\n\n\n\n<li><strong>Kesto:<\/strong> Koko p\u00e4iv\u00e4 (08:00 - 16:30)<\/li>\n\n\n\n<li><strong>Vaikeusaste:<\/strong> Kohtalainen<\/li>\n\n\n\n<li><strong>K\u00e4velyaika:<\/strong> Noin 4 tuntia<\/li>\n\n\n\n<li><strong>Et\u00e4isyys:<\/strong> 11 km<\/li>\n\n\n\n<li><strong>Matka-aika:<\/strong> 1,5 tuntia<\/li>\n\n\n\n<li><strong>PR-liput<\/strong>: &nbsp;provided by the guide (Extra charged) 3.00\u20ac\/person<br><br><\/li>\n<\/ul>\n\n\n\n<p class=\"wp-block-paragraph\"><\/p>","protected":false},"template":"","activities_category":[78],"language":[56,59,61],"type_of_activity":[63],"tour_location":[83],"duration_type":[86],"class_list":["post-996","things_to_do","type-things_to_do","status-publish","hentry","activities_category-hiking-levada-walking","language-english","language-portuguese","language-spanish","type_of_activity-group","tour_location-funchal","duration_type-full-day"],"acf":[],"_links":{"self":[{"href":"https:\/\/thisismadeiraisland.com\/fi\/wp-json\/wp\/v2\/things_to_do\/996","targetHints":{"allow":["GET"]}}],"collection":[{"href":"https:\/\/thisismadeiraisland.com\/fi\/wp-json\/wp\/v2\/things_to_do"}],"about":[{"href":"https:\/\/thisismadeiraisland.com\/fi\/wp-json\/wp\/v2\/types\/things_to_do"}],"wp:attachment":[{"href":"https:\/\/thisismadeiraisland.com\/fi\/wp-json\/wp\/v2\/media?parent=996"}],"wp:term":[{"taxonomy":"activities_category","embeddable":true,"href":"https:\/\/thisismadeiraisland.com\/fi\/wp-json\/wp\/v2\/activities_category?post=996"},{"taxonomy":"language","embeddable":true,"href":"https:\/\/thisismadeiraisland.com\/fi\/wp-json\/wp\/v2\/language?post=996"},{"taxonomy":"type_of_activity","embeddable":true,"href":"https:\/\/thisismadeiraisland.com\/fi\/wp-json\/wp\/v2\/type_of_activity?post=996"},{"taxonomy":"tour_location","embeddable":true,"href":"https:\/\/thisismadeiraisland.com\/fi\/wp-json\/wp\/v2\/tour_location?post=996"},{"taxonomy":"duration_type","embeddable":true,"href":"https:\/\/thisismadeiraisland.com\/fi\/wp-json\/wp\/v2\/duration_type?post=996"}],"curies":[{"name":"wp","href":"https:\/\/api.w.org\/{rel}","templated":true}]}}